{"id":398,"date":"2020-01-15T14:05:29","date_gmt":"2020-01-15T13:05:29","guid":{"rendered":"https:\/\/www.jst1030.be\/?page_id=398"},"modified":"2020-11-29T16:41:42","modified_gmt":"2020-11-29T15:41:42","slug":"politique-de-confidentialite-2","status":"publish","type":"page","link":"https:\/\/www.jst1030.be\/?page_id=398","title":{"rendered":"Politique de confidentialit\u00e9"},"content":{"rendered":"[et_pb_section admin_label=\u00a0\u00bbsection\u00a0\u00bb]\n\t\t\t[et_pb_row admin_label=\u00a0\u00bbrow\u00a0\u00bb]\n\t\t\t\t[et_pb_column type=\u00a0\u00bb4_4&Prime;][et_pb_text admin_label=\u00a0\u00bbText\u00a0\u00bb]\n<h1 class=\"wp-block-heading\">Traitement des donn\u00e9es \u00e0 caract\u00e8re personnel des visiteurs et des utilisateurs<\/h1>\n\n\n\n<p>Jeunes Schaerbeekois au Travail est une association de droit priv\u00e9 repr\u00e9sent\u00e9e par son pr\u00e9sident et un administrateur. Le si\u00e8ge de l\u2019association se situe \u00e0 Schaerbeek (1030), rue de J\u00e9rusalem 46.<\/p>\n\n\n\n<p>Les donn\u00e9es \u00e0 caract\u00e8re personnel que l\u2019utilisateur communique lors de la d\u00e9claration d\u2019un traitement de donn\u00e9es, d\u2019une plainte, d\u2019une demande d\u2019information ou d\u2019un avis, sont uniquement trait\u00e9es par l\u2019association en vue de pouvoir r\u00e9pondre \u00e0 la demande de l\u2019utilisateur et d\u2019ainsi remplir ses missions. Les donn\u00e9es \u00e0 caract\u00e8re personnel des utilisateurs ne sont en aucun cas trait\u00e9es \u00e0 des fins commerciales.<\/p>\n\n\n\n<p>Les donn\u00e9es \u00e0 caract\u00e8re personnel ne sont transmises qu\u2019au personnel charg\u00e9 de traiter les demandes. Ces donn\u00e9es peuvent \u00eatre communiqu\u00e9es \u00e0 des personnes ext\u00e9rieures lorsque cela s\u2019av\u00e8re n\u00e9cessaire pour le traitement de la demande de l\u2019utilisateur.<\/p>\n\n\n\n<p>Si l\u2019utilisateur refuse de communiquer certaines donn\u00e9es indispensables, il se peut que l\u2019association ne soit pas en mesure de traiter la demande.<\/p>\n\n\n\n<p>Chaque personne concern\u00e9e par le traitement de donn\u00e9es peut consulter ses donn\u00e9es personnelles, les faire rectifier ou, si elle a de bonnes raisons, les faire supprimer. \u00c0 cet effet, elle envoie une lettre accompagn\u00e9e d\u2019une copie de sa carte d\u2019identit\u00e9 \u00e0 l\u2019adresse susmentionn\u00e9e ou envoie un courrier \u00e9lectronique \u00e0 l\u2019adresse suivante :&nbsp;info@jst1030.be<\/p>\n\n\n\n<h1 class=\"wp-block-heading\">Utilisation de cookies<\/h1>\n\n\n\n<p>Le site de l\u2019association n\u2019utilise aucun cookies.<\/p>\n\n\n\n<h1 class=\"wp-block-heading\">Liens vers d\u2019autres sites<\/h1>\n\n\n\n<p>Le pr\u00e9sent site Internet contient des liens vers d\u2019autres sites du secteur public et du secteur priv\u00e9. L\u2019association ne peut garantir que ces sites Internet appliquent une politique de respect de la vie priv\u00e9e conforme \u00e0 la loi du 8 d\u00e9cembre 1992 relative \u00e0 la protection de la vie priv\u00e9e \u00e0 l\u2019\u00e9gard des traitements de donn\u00e9es \u00e0 caract\u00e8re personnel. Les utilisateurs sont donc invit\u00e9s \u00e0 s\u2019en assurer par eux-m\u00eames en consultant les clauses de protection de la vie priv\u00e9e qui doivent figurer sur chaque site Internet.<\/p>\n[\/et_pb_text][\/et_pb_column]\n\t\t\t[\/et_pb_row]\n\t\t[\/et_pb_section]","protected":false},"excerpt":{"rendered":"<p>Traitement des donn\u00e9es \u00e0 caract\u00e8re personnel des visiteurs et des utilisateurs Jeunes Schaerbeekois au Travail est une association de droit priv\u00e9 repr\u00e9sent\u00e9e par son pr\u00e9sident et un administrateur. Le si\u00e8ge de l\u2019association se situe \u00e0 Schaerbeek (1030), rue de J\u00e9rusalem 46. Les donn\u00e9es \u00e0 caract\u00e8re personnel que l\u2019utilisateur communique lors de la d\u00e9claration d\u2019un traitement [&hellip;]<\/p>\n","protected":false},"author":1,"featured_media":0,"parent":0,"menu_order":0,"comment_status":"closed","ping_status":"closed","template":"","meta":{"_et_pb_use_builder":"on","_et_pb_old_content":"<!-- wp:heading {\"level\":1} -->\n<h1>Traitement des donn\u00e9es \u00e0 caract\u00e8re personnel des visiteurs et des utilisateurs<\/h1>\n<!-- \/wp:heading -->\n\n<!-- wp:paragraph -->\n<p>Jeunes Schaerbeekois au Travail est une association de droit priv\u00e9 repr\u00e9sent\u00e9e par son pr\u00e9sident et un administrateur. Le si\u00e8ge de l\u2019association se situe \u00e0 Schaerbeek (1030), rue de J\u00e9rusalem 46.<\/p>\n<!-- \/wp:paragraph -->\n\n<!-- wp:paragraph -->\n<p>Les donn\u00e9es \u00e0 caract\u00e8re personnel que l\u2019utilisateur communique lors de la d\u00e9claration d\u2019un traitement de donn\u00e9es, d\u2019une plainte, d\u2019une demande d\u2019information ou d\u2019un avis, sont uniquement trait\u00e9es par l\u2019association en vue de pouvoir r\u00e9pondre \u00e0 la demande de l\u2019utilisateur et d\u2019ainsi remplir ses missions. Les donn\u00e9es \u00e0 caract\u00e8re personnel des utilisateurs ne sont en aucun cas trait\u00e9es \u00e0 des fins commerciales.<\/p>\n<!-- \/wp:paragraph -->\n\n<!-- wp:paragraph -->\n<p>Les donn\u00e9es \u00e0 caract\u00e8re personnel ne sont transmises qu\u2019au personnel charg\u00e9 de traiter les demandes. Ces donn\u00e9es peuvent \u00eatre communiqu\u00e9es \u00e0 des personnes ext\u00e9rieures lorsque cela s\u2019av\u00e8re n\u00e9cessaire pour le traitement de la demande de l\u2019utilisateur.<\/p>\n<!-- \/wp:paragraph -->\n\n<!-- wp:paragraph -->\n<p>Si l\u2019utilisateur refuse de communiquer certaines donn\u00e9es indispensables, il se peut que l\u2019association ne soit pas en mesure de traiter la demande.<\/p>\n<!-- \/wp:paragraph -->\n\n<!-- wp:paragraph -->\n<p>Chaque personne concern\u00e9e par le traitement de donn\u00e9es peut consulter ses donn\u00e9es personnelles, les faire rectifier ou, si elle a de bonnes raisons, les faire supprimer. \u00c0 cet effet, elle envoie une lettre accompagn\u00e9e d\u2019une copie de sa carte d\u2019identit\u00e9 \u00e0 l\u2019adresse susmentionn\u00e9e ou envoie un courrier \u00e9lectronique \u00e0 l\u2019adresse suivante :&nbsp;info@jst1030.be<\/p>\n<!-- \/wp:paragraph -->\n\n<!-- wp:heading {\"level\":1} -->\n<h1>Utilisation de cookies<\/h1>\n<!-- \/wp:heading -->\n\n<!-- wp:paragraph -->\n<p>Le site de l\u2019association n\u2019utilise aucun cookies.<\/p>\n<!-- \/wp:paragraph -->\n\n<!-- wp:heading {\"level\":1} -->\n<h1>Liens vers d\u2019autres sites<\/h1>\n<!-- \/wp:heading -->\n\n<!-- wp:paragraph -->\n<p>Le pr\u00e9sent site Internet contient des liens vers d\u2019autres sites du secteur public et du secteur priv\u00e9. L\u2019association ne peut garantir que ces sites Internet appliquent une politique de respect de la vie priv\u00e9e conforme \u00e0 la loi du 8 d\u00e9cembre 1992 relative \u00e0 la protection de la vie priv\u00e9e \u00e0 l\u2019\u00e9gard des traitements de donn\u00e9es \u00e0 caract\u00e8re personnel. Les utilisateurs sont donc invit\u00e9s \u00e0 s\u2019en assurer par eux-m\u00eames en consultant les clauses de protection de la vie priv\u00e9e qui doivent figurer sur chaque site Internet.<\/p>\n<!-- \/wp:paragraph -->","_et_gb_content_width":"","footnotes":""},"class_list":["post-398","page","type-page","status-publish","hentry"],"yoast_head":"<!-- This site is optimized with the Yoast SEO plugin v27.4 - https:\/\/yoast.com\/product\/yoast-seo-wordpress\/ -->\n<title>Politique de confidentialit\u00e9 - JST ASBL<\/title>\n<meta name=\"robots\" content=\"index, follow, max-snippet:-1, max-image-preview:large, max-video-preview:-1\" \/>\n<link rel=\"canonical\" href=\"https:\/\/www.jst1030.be\/?page_id=398\" \/>\n<meta property=\"og:locale\" content=\"fr_FR\" \/>\n<meta property=\"og:type\" content=\"article\" \/>\n<meta property=\"og:title\" content=\"Politique de confidentialit\u00e9 - JST ASBL\" \/>\n<meta property=\"og:description\" content=\"Traitement des donn\u00e9es \u00e0 caract\u00e8re personnel des visiteurs et des utilisateurs Jeunes Schaerbeekois au Travail est une association de droit priv\u00e9 repr\u00e9sent\u00e9e par son pr\u00e9sident et un administrateur. Le si\u00e8ge de l\u2019association se situe \u00e0 Schaerbeek (1030), rue de J\u00e9rusalem 46. Les donn\u00e9es \u00e0 caract\u00e8re personnel que l\u2019utilisateur communique lors de la d\u00e9claration d\u2019un traitement [&hellip;]\" \/>\n<meta property=\"og:url\" content=\"https:\/\/www.jst1030.be\/?page_id=398\" \/>\n<meta property=\"og:site_name\" content=\"JST ASBL\" \/>\n<meta property=\"article:publisher\" content=\"https:\/\/www.facebook.com\/JstAsblJeunesSchaerbeekoisAuTravail?locale=fr_FR\" \/>\n<meta property=\"article:modified_time\" content=\"2020-11-29T15:41:42+00:00\" \/>\n<meta name=\"twitter:card\" content=\"summary_large_image\" \/>\n<meta name=\"twitter:label1\" content=\"Dur\u00e9e de lecture estim\u00e9e\" \/>\n\t<meta name=\"twitter:data1\" content=\"2 minutes\" \/>\n<script type=\"application\/ld+json\" class=\"yoast-schema-graph\">{\"@context\":\"https:\\\/\\\/schema.org\",\"@graph\":[{\"@type\":\"WebPage\",\"@id\":\"https:\\\/\\\/www.jst1030.be\\\/?page_id=398\",\"url\":\"https:\\\/\\\/www.jst1030.be\\\/?page_id=398\",\"name\":\"Politique de confidentialit\u00e9 - JST ASBL\",\"isPartOf\":{\"@id\":\"https:\\\/\\\/www.jst1030.be\\\/#website\"},\"datePublished\":\"2020-01-15T13:05:29+00:00\",\"dateModified\":\"2020-11-29T15:41:42+00:00\",\"breadcrumb\":{\"@id\":\"https:\\\/\\\/www.jst1030.be\\\/?page_id=398#breadcrumb\"},\"inLanguage\":\"fr-FR\",\"potentialAction\":[{\"@type\":\"ReadAction\",\"target\":[\"https:\\\/\\\/www.jst1030.be\\\/?page_id=398\"]}]},{\"@type\":\"BreadcrumbList\",\"@id\":\"https:\\\/\\\/www.jst1030.be\\\/?page_id=398#breadcrumb\",\"itemListElement\":[{\"@type\":\"ListItem\",\"position\":1,\"name\":\"Accueil\",\"item\":\"https:\\\/\\\/www.jst1030.be\\\/\"},{\"@type\":\"ListItem\",\"position\":2,\"name\":\"Politique de confidentialit\u00e9\"}]},{\"@type\":\"WebSite\",\"@id\":\"https:\\\/\\\/www.jst1030.be\\\/#website\",\"url\":\"https:\\\/\\\/www.jst1030.be\\\/\",\"name\":\"JST ASBL\",\"description\":\"Formation par le travail\",\"publisher\":{\"@id\":\"https:\\\/\\\/www.jst1030.be\\\/#organization\"},\"potentialAction\":[{\"@type\":\"SearchAction\",\"target\":{\"@type\":\"EntryPoint\",\"urlTemplate\":\"https:\\\/\\\/www.jst1030.be\\\/?s={search_term_string}\"},\"query-input\":{\"@type\":\"PropertyValueSpecification\",\"valueRequired\":true,\"valueName\":\"search_term_string\"}}],\"inLanguage\":\"fr-FR\"},{\"@type\":\"Organization\",\"@id\":\"https:\\\/\\\/www.jst1030.be\\\/#organization\",\"name\":\"JST ASBL\",\"url\":\"https:\\\/\\\/www.jst1030.be\\\/\",\"logo\":{\"@type\":\"ImageObject\",\"inLanguage\":\"fr-FR\",\"@id\":\"https:\\\/\\\/www.jst1030.be\\\/#\\\/schema\\\/logo\\\/image\\\/\",\"url\":\"https:\\\/\\\/www.jst1030.be\\\/wp-content\\\/uploads\\\/2019\\\/12\\\/cropped-favicon-1.jpg\",\"contentUrl\":\"https:\\\/\\\/www.jst1030.be\\\/wp-content\\\/uploads\\\/2019\\\/12\\\/cropped-favicon-1.jpg\",\"width\":512,\"height\":512,\"caption\":\"JST ASBL\"},\"image\":{\"@id\":\"https:\\\/\\\/www.jst1030.be\\\/#\\\/schema\\\/logo\\\/image\\\/\"},\"sameAs\":[\"https:\\\/\\\/www.facebook.com\\\/JstAsblJeunesSchaerbeekoisAuTravail?locale=fr_FR\"]}]}<\/script>\n<!-- \/ Yoast SEO plugin. -->","yoast_head_json":{"title":"Politique de confidentialit\u00e9 - JST ASBL","robots":{"index":"index","follow":"follow","max-snippet":"max-snippet:-1","max-image-preview":"max-image-preview:large","max-video-preview":"max-video-preview:-1"},"canonical":"https:\/\/www.jst1030.be\/?page_id=398","og_locale":"fr_FR","og_type":"article","og_title":"Politique de confidentialit\u00e9 - JST ASBL","og_description":"Traitement des donn\u00e9es \u00e0 caract\u00e8re personnel des visiteurs et des utilisateurs Jeunes Schaerbeekois au Travail est une association de droit priv\u00e9 repr\u00e9sent\u00e9e par son pr\u00e9sident et un administrateur. Le si\u00e8ge de l\u2019association se situe \u00e0 Schaerbeek (1030), rue de J\u00e9rusalem 46. Les donn\u00e9es \u00e0 caract\u00e8re personnel que l\u2019utilisateur communique lors de la d\u00e9claration d\u2019un traitement [&hellip;]","og_url":"https:\/\/www.jst1030.be\/?page_id=398","og_site_name":"JST ASBL","article_publisher":"https:\/\/www.facebook.com\/JstAsblJeunesSchaerbeekoisAuTravail?locale=fr_FR","article_modified_time":"2020-11-29T15:41:42+00:00","twitter_card":"summary_large_image","twitter_misc":{"Dur\u00e9e de lecture estim\u00e9e":"2 minutes"},"schema":{"@context":"https:\/\/schema.org","@graph":[{"@type":"WebPage","@id":"https:\/\/www.jst1030.be\/?page_id=398","url":"https:\/\/www.jst1030.be\/?page_id=398","name":"Politique de confidentialit\u00e9 - JST ASBL","isPartOf":{"@id":"https:\/\/www.jst1030.be\/#website"},"datePublished":"2020-01-15T13:05:29+00:00","dateModified":"2020-11-29T15:41:42+00:00","breadcrumb":{"@id":"https:\/\/www.jst1030.be\/?page_id=398#breadcrumb"},"inLanguage":"fr-FR","potentialAction":[{"@type":"ReadAction","target":["https:\/\/www.jst1030.be\/?page_id=398"]}]},{"@type":"BreadcrumbList","@id":"https:\/\/www.jst1030.be\/?page_id=398#breadcrumb","itemListElement":[{"@type":"ListItem","position":1,"name":"Accueil","item":"https:\/\/www.jst1030.be\/"},{"@type":"ListItem","position":2,"name":"Politique de confidentialit\u00e9"}]},{"@type":"WebSite","@id":"https:\/\/www.jst1030.be\/#website","url":"https:\/\/www.jst1030.be\/","name":"JST ASBL","description":"Formation par le travail","publisher":{"@id":"https:\/\/www.jst1030.be\/#organization"},"potentialAction":[{"@type":"SearchAction","target":{"@type":"EntryPoint","urlTemplate":"https:\/\/www.jst1030.be\/?s={search_term_string}"},"query-input":{"@type":"PropertyValueSpecification","valueRequired":true,"valueName":"search_term_string"}}],"inLanguage":"fr-FR"},{"@type":"Organization","@id":"https:\/\/www.jst1030.be\/#organization","name":"JST ASBL","url":"https:\/\/www.jst1030.be\/","logo":{"@type":"ImageObject","inLanguage":"fr-FR","@id":"https:\/\/www.jst1030.be\/#\/schema\/logo\/image\/","url":"https:\/\/www.jst1030.be\/wp-content\/uploads\/2019\/12\/cropped-favicon-1.jpg","contentUrl":"https:\/\/www.jst1030.be\/wp-content\/uploads\/2019\/12\/cropped-favicon-1.jpg","width":512,"height":512,"caption":"JST ASBL"},"image":{"@id":"https:\/\/www.jst1030.be\/#\/schema\/logo\/image\/"},"sameAs":["https:\/\/www.facebook.com\/JstAsblJeunesSchaerbeekoisAuTravail?locale=fr_FR"]}]}},"_links":{"self":[{"href":"https:\/\/www.jst1030.be\/index.php?rest_route=\/wp\/v2\/pages\/398","targetHints":{"allow":["GET"]}}],"collection":[{"href":"https:\/\/www.jst1030.be\/index.php?rest_route=\/wp\/v2\/pages"}],"about":[{"href":"https:\/\/www.jst1030.be\/index.php?rest_route=\/wp\/v2\/types\/page"}],"author":[{"embeddable":true,"href":"https:\/\/www.jst1030.be\/index.php?rest_route=\/wp\/v2\/users\/1"}],"replies":[{"embeddable":true,"href":"https:\/\/www.jst1030.be\/index.php?rest_route=%2Fwp%2Fv2%2Fcomments&post=398"}],"version-history":[{"count":3,"href":"https:\/\/www.jst1030.be\/index.php?rest_route=\/wp\/v2\/pages\/398\/revisions"}],"predecessor-version":[{"id":467,"href":"https:\/\/www.jst1030.be\/index.php?rest_route=\/wp\/v2\/pages\/398\/revisions\/467"}],"wp:attachment":[{"href":"https:\/\/www.jst1030.be\/index.php?rest_route=%2Fwp%2Fv2%2Fmedia&parent=398"}],"curies":[{"name":"wp","href":"https:\/\/api.w.org\/{rel}","templated":true}]}}